{"id":33312,"date":"2024-02-13T15:30:00","date_gmt":"2024-02-13T14:30:00","guid":{"rendered":"https:\/\/stresafestival.jamarea.com\/mario-brunello\/"},"modified":"2024-04-04T10:54:13","modified_gmt":"2024-04-04T10:54:13","slug":"mario-brunello","status":"publish","type":"page","link":"https:\/\/www.stresafestival.eu\/en\/staff\/mario-brunello\/","title":{"rendered":"Mario Brunello"},"content":{"rendered":"\t\t<div data-elementor-type=\"wp-page\" data-elementor-id=\"33312\" class=\"elementor elementor-33312 elementor-443\" data-elementor-post-type=\"page\">\n\t\t\t\t\t\t<section class=\"elementor-section elementor-top-section elementor-element elementor-element-9b3420f qodef-elementor-content-grid elementor-section-boxed elementor-section-height-default elementor-section-height-default qodef-elementor-stretch-row-no qodef-elementor-overlay-no\" data-id=\"9b3420f\" data-element_type=\"section\" data-settings=\"{&quot;background_background&quot;:&quot;classic&quot;}\">\n\t\t\t\t\t\t<div class=\"elementor-container elementor-column-gap-default\">\n\t\t\t\t\t<div class=\"elementor-column elementor-col-100 elementor-top-column elementor-element elementor-element-f8eaafb\" data-id=\"f8eaafb\" data-element_type=\"column\">\n\t\t\t<div class=\"elementor-widget-wrap elementor-element-populated\">\n\t\t\t\t\t\t<div class=\"elementor-element elementor-element-e01dc8d elementor-widget elementor-widget-zermatt_core_section_title\" data-id=\"e01dc8d\" data-element_type=\"widget\" data-widget_type=\"zermatt_core_section_title.default\">\n\t\t\t\t<div class=\"elementor-widget-container\">\n\t\t\t\t\t<div class=\"qodef-shortcode qodef-m  qodef-section-title qodef-alignment--left \">\n\t\t\t<h1 class=\"qodef-m-title\" >\n\t\t\t\t\tMario Brunello\t\t\t<\/h1>\n\t\t<\/div>\t\t\t\t<\/div>\n\t\t\t\t<\/div>\n\t\t\t\t\t<\/div>\n\t\t<\/div>\n\t\t\t\t\t<\/div>\n\t\t<\/section>\n\t\t\t\t<section class=\"elementor-section elementor-top-section elementor-element elementor-element-b3d8c4 qodef-elementor-content-grid elementor-section-boxed elementor-section-height-default elementor-section-height-default qodef-elementor-stretch-row-no qodef-elementor-overlay-no\" data-id=\"b3d8c4\" data-element_type=\"section\" data-settings=\"{&quot;background_background&quot;:&quot;classic&quot;}\">\n\t\t\t\t\t\t<div class=\"elementor-container elementor-column-gap-default\">\n\t\t\t\t\t<div class=\"elementor-column elementor-col-100 elementor-top-column elementor-element elementor-element-b788b53\" data-id=\"b788b53\" data-element_type=\"column\">\n\t\t\t<div class=\"elementor-widget-wrap elementor-element-populated\">\n\t\t\t\t\t\t<div class=\"elementor-element elementor-element-5df963b6 elementor-widget elementor-widget-image\" data-id=\"5df963b6\" data-element_type=\"widget\" data-widget_type=\"image.default\">\n\t\t\t\t<div class=\"elementor-widget-container\">\n\t\t\t\t\t\t\t\t\t\t\t\t\t\t\t<img decoding=\"async\" src=\"https:\/\/www.stresafestival.eu\/wp-content\/uploads\/elementor\/thumbs\/Mario-Brunello-\u00a9GiulioFavotto-qjr6tuiivc1uh2vzx7rkefkn893nado53lfh95w09s.jpg\" title=\"Mario-Brunello-\u00a9GiulioFavotto.jpg\" alt=\"Mario-Brunello-\u00a9GiulioFavotto.jpg\" loading=\"lazy\" \/>\t\t\t\t\t\t\t\t\t\t\t\t\t\t\t<\/div>\n\t\t\t\t<\/div>\n\t\t\t\t<div class=\"elementor-element elementor-element-371c925 elementor-widget elementor-widget-text-editor\" data-id=\"371c925\" data-element_type=\"widget\" data-widget_type=\"text-editor.default\">\n\t\t\t\t<div class=\"elementor-widget-container\">\n\t\t\t\t\t\t\t\t\t<p>Mario Brunello \u00e8 un musicista affascinante dotato di libert\u00e0 espressiva rara al giorno d\u2019oggi. A suo agio come solista, cos\u00ec come nella musica da camera e nei progetti artistici pi\u00f9 innovativi, Brunello \u00e8 stato elogiato da Gramophone per il suo \u201cspirito eccezionale\u201d e descritto come \u201cintenso e appassionato\u201d da The Strad.<br \/>Brunello viene proiettato sulla scena internazionale nel 1986, divenendo il primo e unico italiano a vincere il Concorso \u010caikovskij di Mosca. Da allora ha suonato con i pi\u00f9 importanti direttori tra i quali Antonio Pappano, Valery Gergiev, Riccardo Chailly, Claudio Abbado, Ton Koopman, Riccardo Muti, Myung-Whun Chung e Seiji Ozawa e con molte prestigiose orchestre tra cui la London Symphony, la Philadelphia Orchestra, la NHK Symphony Tokyo, la Filarmonica della Scala e l\u2019Accademia Nazionale di Santa Cecilia. Nell\u2019ambito cameristico, Brunello ha coltivato stimolanti collaborazioni con autorevoli personalit\u00e0 tra cui Gidon Kremer, Yuri Bashmet, Martha Argerich, Andrea Lucchesini, Giuliano Carmignola, Frank Peter Zimmermann, Isabelle Faust, Maurizio Pollini e il Quartetto Borodin. Ideatore e direttore artistico dei festival Arte Sella e I Suoni delle Dolomiti, Brunello ha portato la grande musica tra le cime delle Dolomiti.<br \/>Tra i principali impegni della stagione 2019\/20 ci sono concerti a Varsavia con la Warsaw Philharmonic Orchestra, a Mosca con la Tchaikovsky Symphony Orchestra e a Yerevan come ospite del Contemporary Classics Festival. La sua regolare collaborazione con la Kremerata Baltica lo porter\u00e0 in autunno al Kronberg Festival assieme a Gidon Kremer e in tourn\u00e9e in Sud America nel doppio ruolo di direttore solista. Continuer\u00e0 anche la sua residenza artistica in qualit\u00e0 di direttore e solista ospite della Philharmonie Zuidnederland nei Paesi Bassi.<br \/>Brunello suona un prezioso violoncello Maggini dei primi del Seicento al quale affianca negli ultimi anni il violoncello piccolo a quattro corde per il quale ha sviluppato un profondo interesse. Nelle sue rivelatorie performance dei brani del repertorio barocco per violino, Brunello \u00e8 riuscito a sfruttare a pieno le potenzialit\u00e0 di questo strumento, concentrandosi in particolare sui capolavori di Bach, Vivaldi e Tartini.<br \/>Questa stagione coincide con il 250esimo anniversario di Giuseppe Tartini, che Brunello celebrer\u00e0 con un ampio omaggio al compositore i cui lavori saranno eseguiti e registrati come solista assieme all\u2019Accademia dell\u2019Annunciata.<br \/>La ricca e diversa discografia di Brunello include i lavori di Bach, Beethoven, Brahms, Schubert, Vivaldi, Haydn, Chopin, Jana\u010dek e Sollima. Ha inciso \u201cThe Protecting Veil\u201d di Tavener con la Kremerata Baltica, il Triplo Concerto di Beethoven sotto la direzione di Claudio Abbado per la Deutsche Grammophon, il Concerto di Dvo\u0159\u00e1k diretto da Antonio Pappano per EMI e il Concerto n. 2 di \u0160ostak\u00f3vi\u010d con Valery Gergiev dal vivo alla Salle Pleyel di Parigi.<br \/>Dall\u2019autunno 2019 \u00e8 disponibile la nuova incisione delle Sonate e Partite di Bach per violino solo, eseguite al violoncello piccolo, che inaugura la \u201cBach Brunello Series\u201d in collaborazione con ARCANA. L\u2019etichetta ha recentemente pubblicato un secondo CD con Mario Brunello e Giuliano Carmignola, impegnati in alcuni Doppi Concerti per violino e violoncello piccolo di Vivaldi e JS Bach, assieme all\u2019Accademia dell\u2019Annunciata. Questo progetto discografico rappresenta tanto il coronamento del sogno artistico di Brunello quanto una straordinaria opportunit\u00e0 per l\u2019ascoltatore di riavvicinarsi a questo repertorio in maniera totalmente nuova.<\/p>\t\t\t\t\t\t\t\t<\/div>\n\t\t\t\t<\/div>\n\t\t\t\t\t<\/div>\n\t\t<\/div>\n\t\t\t\t\t<\/div>\n\t\t<\/section>\n\t\t\t\t<section class=\"elementor-section elementor-top-section elementor-element elementor-element-052e2a9 elementor-section-full_width elementor-section-content-middle elementor-section-stretched elementor-section-height-default elementor-section-height-default qodef-elementor-content-no qodef-elementor-stretch-row-no qodef-elementor-overlay-no\" data-id=\"052e2a9\" data-element_type=\"section\" data-settings=\"{&quot;background_background&quot;:&quot;classic&quot;,&quot;stretch_section&quot;:&quot;section-stretched&quot;}\">\n\t\t\t\t\t\t<div class=\"elementor-container elementor-column-gap-default\">\n\t\t\t\t\t<div class=\"elementor-column elementor-col-100 elementor-top-column elementor-element elementor-element-5d81ab0\" data-id=\"5d81ab0\" data-element_type=\"column\">\n\t\t\t<div class=\"elementor-widget-wrap elementor-element-populated\">\n\t\t\t\t\t\t<div class=\"elementor-element elementor-element-c5fe67c elementor-widget elementor-widget-template\" data-id=\"c5fe67c\" data-element_type=\"widget\" data-widget_type=\"template.default\">\n\t\t\t\t<div class=\"elementor-widget-container\">\n\t\t\t\t\t\t\t<div class=\"elementor-template\">\n\t\t\t\t\t<div data-elementor-type=\"section\" data-elementor-id=\"33167\" class=\"elementor elementor-33167 elementor-104 elementor-104\" data-elementor-post-type=\"elementor_library\">\n\t\t\t\t\t<section class=\"elementor-section elementor-top-section elementor-element elementor-element-70c1731d elementor-section-full_width elementor-section-content-middle elementor-section-stretched elementor-section-height-default elementor-section-height-default qodef-elementor-content-no qodef-elementor-stretch-row-no qodef-elementor-overlay-no\" data-id=\"70c1731d\" data-element_type=\"section\" data-settings=\"{&quot;background_background&quot;:&quot;classic&quot;,&quot;stretch_section&quot;:&quot;section-stretched&quot;}\">\n\t\t\t\t\t\t<div class=\"elementor-container elementor-column-gap-default\">\n\t\t\t\t\t<div class=\"elementor-column elementor-col-50 elementor-top-column elementor-element elementor-element-a0c928b\" data-id=\"a0c928b\" data-element_type=\"column\">\n\t\t\t<div class=\"elementor-widget-wrap elementor-element-populated\">\n\t\t\t\t\t\t<div class=\"elementor-element elementor-element-721761b8 elementor-widget elementor-widget-image\" data-id=\"721761b8\" data-element_type=\"widget\" data-widget_type=\"image.default\">\n\t\t\t\t<div class=\"elementor-widget-container\">\n\t\t\t\t\t\t\t\t\t\t\t\t\t\t\t<img fetchpriority=\"high\" decoding=\"async\" width=\"340\" height=\"226\" src=\"https:\/\/www.stresafestival.eu\/wp-content\/uploads\/2024\/02\/Logo_Stresa-festival_verticale_nero-1.svg\" class=\"attachment-large size-large wp-image-30507\" alt=\"\" \/>\t\t\t\t\t\t\t\t\t\t\t\t\t\t\t<\/div>\n\t\t\t\t<\/div>\n\t\t\t\t<div class=\"elementor-element elementor-element-7ca5db04 elementor-widget elementor-widget-text-editor\" data-id=\"7ca5db04\" data-element_type=\"widget\" data-widget_type=\"text-editor.default\">\n\t\t\t\t<div class=\"elementor-widget-container\">\n\t\t\t\t\t\t\t\t\t<p><strong>Associazione Settimane Musicali di Stresa<br \/><\/strong><strong>Festival Internazionale<br \/><\/strong>Via Carducci, 38<br \/>28838 Stresa (VB)<br \/>ph. +39 0323 31095<br \/>fax +39 0323 33006<br \/>C.F. e P.IVA 00229020037<br \/>Email: <a href=\"mailto:info@stresafestival.eu\">info@stresafestival.eu<\/a><br \/>Pec: <a href=\"mailto:settimanemusicali@cgn.legalmail.it\">settimanemusicali@cgn.legalmail.it<\/a><\/p><p><strong><br \/><a href=\"\/en\/box-office\/\">Box Office<\/a>: find out the opening hours! <\/strong><\/p>\t\t\t\t\t\t\t\t<\/div>\n\t\t\t\t<\/div>\n\t\t\t\t\t<\/div>\n\t\t<\/div>\n\t\t\t\t<div class=\"elementor-column elementor-col-50 elementor-top-column elementor-element elementor-element-195a23db\" data-id=\"195a23db\" data-element_type=\"column\">\n\t\t\t<div class=\"elementor-widget-wrap elementor-element-populated\">\n\t\t\t\t\t\t<section class=\"elementor-section elementor-inner-section elementor-element elementor-element-1e365d88 elementor-section-content-middle elementor-section-boxed elementor-section-height-default elementor-section-height-default qodef-elementor-content-no qodef-elementor-stretch-row-no qodef-elementor-overlay-no\" data-id=\"1e365d88\" data-element_type=\"section\">\n\t\t\t\t\t\t<div class=\"elementor-container elementor-column-gap-default\">\n\t\t\t\t\t<div class=\"elementor-column elementor-col-50 elementor-inner-column elementor-element elementor-element-2fadb93e\" data-id=\"2fadb93e\" data-element_type=\"column\">\n\t\t\t<div class=\"elementor-widget-wrap elementor-element-populated\">\n\t\t\t\t\t\t<div class=\"elementor-element elementor-element-56021034 elementor-widget elementor-widget-text-editor\" data-id=\"56021034\" data-element_type=\"widget\" data-widget_type=\"text-editor.default\">\n\t\t\t\t<div class=\"elementor-widget-container\">\n\t\t\t\t\t\t\t\t\t<a style=\"color: #000000; text-decoration: none !important;\" href=\"\/en\/contacts\/\">Contacts<\/a>\t\t\t\t\t\t\t\t<\/div>\n\t\t\t\t<\/div>\n\t\t\t\t<div class=\"elementor-element elementor-element-551f729 elementor-widget elementor-widget-text-editor\" data-id=\"551f729\" data-element_type=\"widget\" data-widget_type=\"text-editor.default\">\n\t\t\t\t<div class=\"elementor-widget-container\">\n\t\t\t\t\t\t\t\t\t<a style=\"color: #000000; text-decoration: none !important;\" href=\"\/en\/newsletter\/\"><span style=\"color: #000000;\">Newsletter<\/span><\/a>\t\t\t\t\t\t\t\t<\/div>\n\t\t\t\t<\/div>\n\t\t\t\t\t<\/div>\n\t\t<\/div>\n\t\t\t\t<div class=\"elementor-column elementor-col-50 elementor-inner-column elementor-element elementor-element-5459fc6e\" data-id=\"5459fc6e\" data-element_type=\"column\">\n\t\t\t<div class=\"elementor-widget-wrap elementor-element-populated\">\n\t\t\t\t\t\t<div class=\"elementor-element elementor-element-52c8463 elementor-widget elementor-widget-text-editor\" data-id=\"52c8463\" data-element_type=\"widget\" data-widget_type=\"text-editor.default\">\n\t\t\t\t<div class=\"elementor-widget-container\">\n\t\t\t\t\t\t\t\t\t<p>Follow\u00a0 the Festival!<\/p>\t\t\t\t\t\t\t\t<\/div>\n\t\t\t\t<\/div>\n\t\t\t\t<div class=\"elementor-element elementor-element-14fa3e90 nonsott elementor-widget elementor-widget-wp-widget-custom_html\" data-id=\"14fa3e90\" data-element_type=\"widget\" data-widget_type=\"wp-widget-custom_html.default\">\n\t\t\t\t<div class=\"elementor-widget-container\">\n\t\t\t\t\t<div class=\"textwidget custom-html-widget\"><a style=\"text-decoration:none !important\" href=\"https:\/\/www.facebook.com\/stresafestivalofficial\/\" target=\"_blank\">\r\n            <img decoding=\"async\" src=\"\/icone\/facebook.png\" style=\"margin: 18px 10px\">\r\n<\/a> \r\n<a style=\"text-decoration:none !important\" href=\"https:\/\/www.instagram.com\/stresafestival\/\" target=\"_blank\">\r\n            <img decoding=\"async\" src=\"\/icone\/instagram.png\" style=\"margin: 18px 10px\">            \r\n<\/a>\r\n<a style=\"text-decoration:none !important\" href=\"https:\/\/www.youtube.com\/user\/StresaFestival\" target=\"_blank\">\r\n            <img decoding=\"async\" src=\"\/icone\/youtube.png\" style=\"margin: 18px 10px\">            \r\n<\/a>\r\n<a style=\"text-decoration:none !important\" href=\"https:\/\/twitter.com\/StresaFestival\" target=\"_blank\">\r\n            <img decoding=\"async\" src=\"\/icone\/X.png\" style=\"margin: 18px 10px\">            \r\n<\/a><\/div>\t\t\t\t<\/div>\n\t\t\t\t<\/div>\n\t\t\t\t\t<\/div>\n\t\t<\/div>\n\t\t\t\t\t<\/div>\n\t\t<\/section>\n\t\t\t\t<section class=\"elementor-section elementor-inner-section elementor-element elementor-element-25669d78 elementor-section-content-middle elementor-section-boxed elementor-section-height-default elementor-section-height-default qodef-elementor-content-no qodef-elementor-stretch-row-no qodef-elementor-overlay-no\" data-id=\"25669d78\" data-element_type=\"section\">\n\t\t\t\t\t\t<div class=\"elementor-container elementor-column-gap-default\">\n\t\t\t\t\t<div class=\"elementor-column elementor-col-50 elementor-inner-column elementor-element elementor-element-24f7cfa9\" data-id=\"24f7cfa9\" data-element_type=\"column\">\n\t\t\t<div class=\"elementor-widget-wrap elementor-element-populated\">\n\t\t\t\t\t\t<div class=\"elementor-element elementor-element-6bb139c7 elementor-widget elementor-widget-text-editor\" data-id=\"6bb139c7\" data-element_type=\"widget\" data-widget_type=\"text-editor.default\">\n\t\t\t\t<div class=\"elementor-widget-container\">\n\t\t\t\t\t\t\t\t\t<a style=\"text-decoration: none !important;\" href=\"\/en\/association\/\"><span style=\"color: #000000;\">Who we are<\/span><\/a>\t\t\t\t\t\t\t\t<\/div>\n\t\t\t\t<\/div>\n\t\t\t\t<div class=\"elementor-element elementor-element-547ae4ff elementor-widget elementor-widget-text-editor\" data-id=\"547ae4ff\" data-element_type=\"widget\" data-widget_type=\"text-editor.default\">\n\t\t\t\t<div class=\"elementor-widget-container\">\n\t\t\t\t\t\t\t\t\t<a style=\"color: #000000; text-decoration: none !important;\" href=\"\/en\/box-office\/#stresa\"><span style=\"color: #000000;\">How to reach us<\/span><\/a>\t\t\t\t\t\t\t\t<\/div>\n\t\t\t\t<\/div>\n\t\t\t\t\t<\/div>\n\t\t<\/div>\n\t\t\t\t<div class=\"elementor-column elementor-col-50 elementor-inner-column elementor-element elementor-element-2bc24007\" data-id=\"2bc24007\" data-element_type=\"column\">\n\t\t\t<div class=\"elementor-widget-wrap elementor-element-populated\">\n\t\t\t\t\t\t<div class=\"elementor-element elementor-element-77a079ee elementor-hidden-desktop elementor-hidden-tablet elementor-hidden-mobile elementor-widget elementor-widget-text-editor\" data-id=\"77a079ee\" data-element_type=\"widget\" data-widget_type=\"text-editor.default\">\n\t\t\t\t<div class=\"elementor-widget-container\">\n\t\t\t\t\t\t\t\t\t<p><a style=\"text-decoration: none !important;\" href=\"\/en\/program\/\"><span style=\"color: #000000;\">Program<\/span><\/a><\/p>\t\t\t\t\t\t\t\t<\/div>\n\t\t\t\t<\/div>\n\t\t\t\t<div class=\"elementor-element elementor-element-24c7e3a8 elementor-widget elementor-widget-text-editor\" data-id=\"24c7e3a8\" data-element_type=\"widget\" data-widget_type=\"text-editor.default\">\n\t\t\t\t<div class=\"elementor-widget-container\">\n\t\t\t\t\t\t\t\t\t<a style=\"text-decoration: none !important;\" href=\"\/en\/how-to-purchase\/\"><span style=\"color: #000000;\">How to purchase<\/span><\/a>\t\t\t\t\t\t\t\t<\/div>\n\t\t\t\t<\/div>\n\t\t\t\t\t<\/div>\n\t\t<\/div>\n\t\t\t\t\t<\/div>\n\t\t<\/section>\n\t\t\t\t\t<\/div>\n\t\t<\/div>\n\t\t\t\t\t<\/div>\n\t\t<\/section>\n\t\t\t\t<\/div>\n\t\t\t\t<\/div>\n\t\t\t\t\t\t<\/div>\n\t\t\t\t<\/div>\n\t\t\t\t\t<\/div>\n\t\t<\/div>\n\t\t\t\t\t<\/div>\n\t\t<\/section>\n\t\t\t\t<\/div>\n\t\t","protected":false},"excerpt":{"rendered":"<p>Mario Brunello Mario Brunello \u00e8 un musicista affascinante dotato di libert\u00e0 espressiva rara al giorno d\u2019oggi. A suo agio come solista, cos\u00ec come nella musica da camera e nei progetti artistici pi\u00f9 innovativi, Brunello \u00e8 stato elogiato da Gramophone per il suo \u201cspirito eccezionale\u201d e descritto come \u201cintenso e appassionato\u201d da The Strad.Brunello viene proiettato [&hellip;]<\/p>\n","protected":false},"author":1,"featured_media":0,"parent":33318,"menu_order":0,"comment_status":"closed","ping_status":"closed","template":"page-full-width.php","meta":{"footnotes":""},"class_list":["post-33312","page","type-page","status-publish","hentry"],"yoast_head":"<!-- This site is optimized with the Yoast SEO plugin v27.5 - https:\/\/yoast.com\/product\/yoast-seo-wordpress\/ -->\n<title>Mario Brunello - Stresa Festival Classica &amp; Jazz Lago Maggiore<\/title>\n<meta name=\"robots\" content=\"index, follow, max-snippet:-1, max-image-preview:large, max-video-preview:-1\" \/>\n<link rel=\"canonical\" href=\"https:\/\/www.stresafestival.eu\/en\/staff\/mario-brunello\/\" \/>\n<meta property=\"og:locale\" content=\"en_US\" \/>\n<meta property=\"og:type\" content=\"article\" \/>\n<meta property=\"og:title\" content=\"Mario Brunello - Stresa Festival Classica &amp; Jazz Lago Maggiore\" \/>\n<meta property=\"og:description\" content=\"Mario Brunello Mario Brunello \u00e8 un musicista affascinante dotato di libert\u00e0 espressiva rara al giorno d\u2019oggi. A suo agio come solista, cos\u00ec come nella musica da camera e nei progetti artistici pi\u00f9 innovativi, Brunello \u00e8 stato elogiato da Gramophone per il suo \u201cspirito eccezionale\u201d e descritto come \u201cintenso e appassionato\u201d da The Strad.Brunello viene proiettato [&hellip;]\" \/>\n<meta property=\"og:url\" content=\"https:\/\/www.stresafestival.eu\/en\/staff\/mario-brunello\/\" \/>\n<meta property=\"og:site_name\" content=\"Stresa Festival Classica &amp; Jazz Lago Maggiore\" \/>\n<meta property=\"article:modified_time\" content=\"2024-04-04T10:54:13+00:00\" \/>\n<meta name=\"twitter:card\" content=\"summary_large_image\" \/>\n<meta name=\"twitter:label1\" content=\"Est. reading time\" \/>\n\t<meta name=\"twitter:data1\" content=\"3 minutes\" \/>\n<script type=\"application\/ld+json\" class=\"yoast-schema-graph\">{\"@context\":\"https:\\\/\\\/schema.org\",\"@graph\":[{\"@type\":\"WebPage\",\"@id\":\"https:\\\/\\\/www.stresafestival.eu\\\/en\\\/staff\\\/mario-brunello\\\/\",\"url\":\"https:\\\/\\\/www.stresafestival.eu\\\/en\\\/staff\\\/mario-brunello\\\/\",\"name\":\"Mario Brunello - Stresa Festival Classica &amp; Jazz Lago Maggiore\",\"isPartOf\":{\"@id\":\"https:\\\/\\\/www.stresafestival.eu\\\/en\\\/#website\"},\"datePublished\":\"2024-02-13T14:30:00+00:00\",\"dateModified\":\"2024-04-04T10:54:13+00:00\",\"breadcrumb\":{\"@id\":\"https:\\\/\\\/www.stresafestival.eu\\\/en\\\/staff\\\/mario-brunello\\\/#breadcrumb\"},\"inLanguage\":\"en-US\",\"potentialAction\":[{\"@type\":\"ReadAction\",\"target\":[\"https:\\\/\\\/www.stresafestival.eu\\\/en\\\/staff\\\/mario-brunello\\\/\"]}]},{\"@type\":\"BreadcrumbList\",\"@id\":\"https:\\\/\\\/www.stresafestival.eu\\\/en\\\/staff\\\/mario-brunello\\\/#breadcrumb\",\"itemListElement\":[{\"@type\":\"ListItem\",\"position\":1,\"name\":\"Home\",\"item\":\"https:\\\/\\\/www.stresafestival.eu\\\/en\\\/\"},{\"@type\":\"ListItem\",\"position\":2,\"name\":\"Staff\",\"item\":\"https:\\\/\\\/www.stresafestival.eu\\\/en\\\/staff\\\/\"},{\"@type\":\"ListItem\",\"position\":3,\"name\":\"Mario Brunello\"}]},{\"@type\":\"WebSite\",\"@id\":\"https:\\\/\\\/www.stresafestival.eu\\\/en\\\/#website\",\"url\":\"https:\\\/\\\/www.stresafestival.eu\\\/en\\\/\",\"name\":\"Stresa Festival Classica &amp; Jazz Lago Maggiore\",\"description\":\"Festival di Musica Classica &amp; Jazz a Stresa sul Lago Maggiore\",\"potentialAction\":[{\"@type\":\"SearchAction\",\"target\":{\"@type\":\"EntryPoint\",\"urlTemplate\":\"https:\\\/\\\/www.stresafestival.eu\\\/en\\\/?s={search_term_string}\"},\"query-input\":{\"@type\":\"PropertyValueSpecification\",\"valueRequired\":true,\"valueName\":\"search_term_string\"}}],\"inLanguage\":\"en-US\"}]}<\/script>\n<!-- \/ Yoast SEO plugin. -->","yoast_head_json":{"title":"Mario Brunello - Stresa Festival Classica &amp; Jazz Lago Maggiore","robots":{"index":"index","follow":"follow","max-snippet":"max-snippet:-1","max-image-preview":"max-image-preview:large","max-video-preview":"max-video-preview:-1"},"canonical":"https:\/\/www.stresafestival.eu\/en\/staff\/mario-brunello\/","og_locale":"en_US","og_type":"article","og_title":"Mario Brunello - Stresa Festival Classica &amp; Jazz Lago Maggiore","og_description":"Mario Brunello Mario Brunello \u00e8 un musicista affascinante dotato di libert\u00e0 espressiva rara al giorno d\u2019oggi. A suo agio come solista, cos\u00ec come nella musica da camera e nei progetti artistici pi\u00f9 innovativi, Brunello \u00e8 stato elogiato da Gramophone per il suo \u201cspirito eccezionale\u201d e descritto come \u201cintenso e appassionato\u201d da The Strad.Brunello viene proiettato [&hellip;]","og_url":"https:\/\/www.stresafestival.eu\/en\/staff\/mario-brunello\/","og_site_name":"Stresa Festival Classica &amp; Jazz Lago Maggiore","article_modified_time":"2024-04-04T10:54:13+00:00","twitter_card":"summary_large_image","twitter_misc":{"Est. reading time":"3 minutes"},"schema":{"@context":"https:\/\/schema.org","@graph":[{"@type":"WebPage","@id":"https:\/\/www.stresafestival.eu\/en\/staff\/mario-brunello\/","url":"https:\/\/www.stresafestival.eu\/en\/staff\/mario-brunello\/","name":"Mario Brunello - Stresa Festival Classica &amp; Jazz Lago Maggiore","isPartOf":{"@id":"https:\/\/www.stresafestival.eu\/en\/#website"},"datePublished":"2024-02-13T14:30:00+00:00","dateModified":"2024-04-04T10:54:13+00:00","breadcrumb":{"@id":"https:\/\/www.stresafestival.eu\/en\/staff\/mario-brunello\/#breadcrumb"},"inLanguage":"en-US","potentialAction":[{"@type":"ReadAction","target":["https:\/\/www.stresafestival.eu\/en\/staff\/mario-brunello\/"]}]},{"@type":"BreadcrumbList","@id":"https:\/\/www.stresafestival.eu\/en\/staff\/mario-brunello\/#breadcrumb","itemListElement":[{"@type":"ListItem","position":1,"name":"Home","item":"https:\/\/www.stresafestival.eu\/en\/"},{"@type":"ListItem","position":2,"name":"Staff","item":"https:\/\/www.stresafestival.eu\/en\/staff\/"},{"@type":"ListItem","position":3,"name":"Mario Brunello"}]},{"@type":"WebSite","@id":"https:\/\/www.stresafestival.eu\/en\/#website","url":"https:\/\/www.stresafestival.eu\/en\/","name":"Stresa Festival Classica &amp; Jazz Lago Maggiore","description":"Festival di Musica Classica &amp; Jazz a Stresa sul Lago Maggiore","potentialAction":[{"@type":"SearchAction","target":{"@type":"EntryPoint","urlTemplate":"https:\/\/www.stresafestival.eu\/en\/?s={search_term_string}"},"query-input":{"@type":"PropertyValueSpecification","valueRequired":true,"valueName":"search_term_string"}}],"inLanguage":"en-US"}]}},"_links":{"self":[{"href":"https:\/\/www.stresafestival.eu\/en\/wp-json\/wp\/v2\/pages\/33312","targetHints":{"allow":["GET"]}}],"collection":[{"href":"https:\/\/www.stresafestival.eu\/en\/wp-json\/wp\/v2\/pages"}],"about":[{"href":"https:\/\/www.stresafestival.eu\/en\/wp-json\/wp\/v2\/types\/page"}],"author":[{"embeddable":true,"href":"https:\/\/www.stresafestival.eu\/en\/wp-json\/wp\/v2\/users\/1"}],"replies":[{"embeddable":true,"href":"https:\/\/www.stresafestival.eu\/en\/wp-json\/wp\/v2\/comments?post=33312"}],"version-history":[{"count":4,"href":"https:\/\/www.stresafestival.eu\/en\/wp-json\/wp\/v2\/pages\/33312\/revisions"}],"predecessor-version":[{"id":33399,"href":"https:\/\/www.stresafestival.eu\/en\/wp-json\/wp\/v2\/pages\/33312\/revisions\/33399"}],"up":[{"embeddable":true,"href":"https:\/\/www.stresafestival.eu\/en\/wp-json\/wp\/v2\/pages\/33318"}],"wp:attachment":[{"href":"https:\/\/www.stresafestival.eu\/en\/wp-json\/wp\/v2\/media?parent=33312"}],"curies":[{"name":"wp","href":"https:\/\/api.w.org\/{rel}","templated":true}]}}