{"id":33313,"date":"2024-02-13T15:28:30","date_gmt":"2024-02-13T15:28:30","guid":{"rendered":"https:\/\/stresafestival.jamarea.com\/gianni-boldini\/"},"modified":"2024-04-04T10:54:02","modified_gmt":"2024-04-04T10:54:02","slug":"gianni-boldini","status":"publish","type":"page","link":"https:\/\/www.stresafestival.eu\/en\/staff\/gianni-boldini\/","title":{"rendered":"Gianni Boldini"},"content":{"rendered":"\t\t<div data-elementor-type=\"wp-page\" data-elementor-id=\"33313\" class=\"elementor elementor-33313 elementor-436\" data-elementor-post-type=\"page\">\n\t\t\t\t\t\t<section class=\"elementor-section elementor-top-section elementor-element elementor-element-dff3d3e qodef-elementor-content-grid elementor-section-boxed elementor-section-height-default elementor-section-height-default qodef-elementor-stretch-row-no qodef-elementor-overlay-no\" data-id=\"dff3d3e\" data-element_type=\"section\" data-settings=\"{&quot;background_background&quot;:&quot;classic&quot;}\">\n\t\t\t\t\t\t<div class=\"elementor-container elementor-column-gap-default\">\n\t\t\t\t\t<div class=\"elementor-column elementor-col-100 elementor-top-column elementor-element elementor-element-9cc1ae7\" data-id=\"9cc1ae7\" data-element_type=\"column\">\n\t\t\t<div class=\"elementor-widget-wrap elementor-element-populated\">\n\t\t\t\t\t\t<div class=\"elementor-element elementor-element-8f9cd07 elementor-widget elementor-widget-zermatt_core_section_title\" data-id=\"8f9cd07\" data-element_type=\"widget\" data-widget_type=\"zermatt_core_section_title.default\">\n\t\t\t\t<div class=\"elementor-widget-container\">\n\t\t\t\t\t<div class=\"qodef-shortcode qodef-m  qodef-section-title qodef-alignment--left \">\n\t\t\t<h1 class=\"qodef-m-title\" >\n\t\t\t\t\tGianni Boldini\t\t\t<\/h1>\n\t\t<\/div>\t\t\t\t<\/div>\n\t\t\t\t<\/div>\n\t\t\t\t\t<\/div>\n\t\t<\/div>\n\t\t\t\t\t<\/div>\n\t\t<\/section>\n\t\t\t\t<section class=\"elementor-section elementor-top-section elementor-element elementor-element-6fc0e5db qodef-elementor-content-grid elementor-section-boxed elementor-section-height-default elementor-section-height-default qodef-elementor-stretch-row-no qodef-elementor-overlay-no\" data-id=\"6fc0e5db\" data-element_type=\"section\" data-settings=\"{&quot;background_background&quot;:&quot;classic&quot;}\">\n\t\t\t\t\t\t<div class=\"elementor-container elementor-column-gap-default\">\n\t\t\t\t\t<div class=\"elementor-column elementor-col-100 elementor-top-column elementor-element elementor-element-21e264d0\" data-id=\"21e264d0\" data-element_type=\"column\">\n\t\t\t<div class=\"elementor-widget-wrap elementor-element-populated\">\n\t\t\t\t\t\t<div class=\"elementor-element elementor-element-3e9a4286 elementor-widget elementor-widget-text-editor\" data-id=\"3e9a4286\" data-element_type=\"widget\" data-widget_type=\"text-editor.default\">\n\t\t\t\t<div class=\"elementor-widget-container\">\n\t\t\t\t\t\t\t\t\t<p>Nato nel 1945, \u00e8 laureato in Economia e Commercio presso l\u2019Universit\u00e0 Cattolica di Milano, iscritto all\u2019Ordine dei Dottori Commercialisti e degli Esperti Contabili di Verbania al n. A22, iscritto nel Registro dei Revisori Contabili al n. 6623.<br \/>Svolge la sua attivit\u00e0 presso lo studio sito ad Omegna (VB) in via Lungolago Gramsci 7.<br \/>Area di consulenza: l\u2019attivit\u00e0 svolta consiste nella consulenza di fiscalit\u00e0 italiana ed internazionale, contrattualistica, nonch\u00e9 di ristrutturazione aziendale.<\/p>\t\t\t\t\t\t\t\t<\/div>\n\t\t\t\t<\/div>\n\t\t\t\t\t<\/div>\n\t\t<\/div>\n\t\t\t\t\t<\/div>\n\t\t<\/section>\n\t\t\t\t<section class=\"elementor-section elementor-top-section elementor-element elementor-element-40aa457 elementor-section-full_width elementor-section-content-middle elementor-section-stretched elementor-section-height-default elementor-section-height-default qodef-elementor-content-no qodef-elementor-stretch-row-no qodef-elementor-overlay-no\" data-id=\"40aa457\" data-element_type=\"section\" data-settings=\"{&quot;background_background&quot;:&quot;classic&quot;,&quot;stretch_section&quot;:&quot;section-stretched&quot;}\">\n\t\t\t\t\t\t<div class=\"elementor-container elementor-column-gap-default\">\n\t\t\t\t\t<div class=\"elementor-column elementor-col-100 elementor-top-column elementor-element elementor-element-5003296\" data-id=\"5003296\" data-element_type=\"column\">\n\t\t\t<div class=\"elementor-widget-wrap elementor-element-populated\">\n\t\t\t\t\t\t<div class=\"elementor-element elementor-element-b74e5e6 elementor-widget elementor-widget-template\" data-id=\"b74e5e6\" data-element_type=\"widget\" data-widget_type=\"template.default\">\n\t\t\t\t<div class=\"elementor-widget-container\">\n\t\t\t\t\t\t\t<div class=\"elementor-template\">\n\t\t\t\t\t<div data-elementor-type=\"section\" data-elementor-id=\"33167\" class=\"elementor elementor-33167 elementor-104 elementor-104\" data-elementor-post-type=\"elementor_library\">\n\t\t\t\t\t<section class=\"elementor-section elementor-top-section elementor-element elementor-element-70c1731d elementor-section-full_width elementor-section-content-middle elementor-section-stretched elementor-section-height-default elementor-section-height-default qodef-elementor-content-no qodef-elementor-stretch-row-no qodef-elementor-overlay-no\" data-id=\"70c1731d\" data-element_type=\"section\" data-settings=\"{&quot;background_background&quot;:&quot;classic&quot;,&quot;stretch_section&quot;:&quot;section-stretched&quot;}\">\n\t\t\t\t\t\t<div class=\"elementor-container elementor-column-gap-default\">\n\t\t\t\t\t<div class=\"elementor-column elementor-col-50 elementor-top-column elementor-element elementor-element-a0c928b\" data-id=\"a0c928b\" data-element_type=\"column\">\n\t\t\t<div class=\"elementor-widget-wrap elementor-element-populated\">\n\t\t\t\t\t\t<div class=\"elementor-element elementor-element-721761b8 elementor-widget elementor-widget-image\" data-id=\"721761b8\" data-element_type=\"widget\" data-widget_type=\"image.default\">\n\t\t\t\t<div class=\"elementor-widget-container\">\n\t\t\t\t\t\t\t\t\t\t\t\t\t\t\t<img fetchpriority=\"high\" decoding=\"async\" width=\"340\" height=\"226\" src=\"https:\/\/www.stresafestival.eu\/wp-content\/uploads\/2024\/02\/Logo_Stresa-festival_verticale_nero-1.svg\" class=\"attachment-large size-large wp-image-30507\" alt=\"\" \/>\t\t\t\t\t\t\t\t\t\t\t\t\t\t\t<\/div>\n\t\t\t\t<\/div>\n\t\t\t\t<div class=\"elementor-element elementor-element-7ca5db04 elementor-widget elementor-widget-text-editor\" data-id=\"7ca5db04\" data-element_type=\"widget\" data-widget_type=\"text-editor.default\">\n\t\t\t\t<div class=\"elementor-widget-container\">\n\t\t\t\t\t\t\t\t\t<p><strong>Associazione Settimane Musicali di Stresa<br \/><\/strong><strong>Festival Internazionale<br \/><\/strong>Via Carducci, 38<br \/>28838 Stresa (VB)<br \/>ph. +39 0323 31095<br \/>fax +39 0323 33006<br \/>C.F. e P.IVA 00229020037<br \/>Email: <a href=\"mailto:info@stresafestival.eu\">info@stresafestival.eu<\/a><br \/>Pec: <a href=\"mailto:settimanemusicali@cgn.legalmail.it\">settimanemusicali@cgn.legalmail.it<\/a><\/p><p><strong><br \/><a href=\"\/en\/box-office\/\">Box Office<\/a>: find out the opening hours! <\/strong><\/p>\t\t\t\t\t\t\t\t<\/div>\n\t\t\t\t<\/div>\n\t\t\t\t\t<\/div>\n\t\t<\/div>\n\t\t\t\t<div class=\"elementor-column elementor-col-50 elementor-top-column elementor-element elementor-element-195a23db\" data-id=\"195a23db\" data-element_type=\"column\">\n\t\t\t<div class=\"elementor-widget-wrap elementor-element-populated\">\n\t\t\t\t\t\t<section class=\"elementor-section elementor-inner-section elementor-element elementor-element-1e365d88 elementor-section-content-middle elementor-section-boxed elementor-section-height-default elementor-section-height-default qodef-elementor-content-no qodef-elementor-stretch-row-no qodef-elementor-overlay-no\" data-id=\"1e365d88\" data-element_type=\"section\">\n\t\t\t\t\t\t<div class=\"elementor-container elementor-column-gap-default\">\n\t\t\t\t\t<div class=\"elementor-column elementor-col-50 elementor-inner-column elementor-element elementor-element-2fadb93e\" data-id=\"2fadb93e\" data-element_type=\"column\">\n\t\t\t<div class=\"elementor-widget-wrap elementor-element-populated\">\n\t\t\t\t\t\t<div class=\"elementor-element elementor-element-56021034 elementor-widget elementor-widget-text-editor\" data-id=\"56021034\" data-element_type=\"widget\" data-widget_type=\"text-editor.default\">\n\t\t\t\t<div class=\"elementor-widget-container\">\n\t\t\t\t\t\t\t\t\t<a style=\"color: #000000; text-decoration: none !important;\" href=\"\/en\/contacts\/\">Contacts<\/a>\t\t\t\t\t\t\t\t<\/div>\n\t\t\t\t<\/div>\n\t\t\t\t<div class=\"elementor-element elementor-element-551f729 elementor-widget elementor-widget-text-editor\" data-id=\"551f729\" data-element_type=\"widget\" data-widget_type=\"text-editor.default\">\n\t\t\t\t<div class=\"elementor-widget-container\">\n\t\t\t\t\t\t\t\t\t<a style=\"color: #000000; text-decoration: none !important;\" href=\"\/en\/newsletter\/\"><span style=\"color: #000000;\">Newsletter<\/span><\/a>\t\t\t\t\t\t\t\t<\/div>\n\t\t\t\t<\/div>\n\t\t\t\t\t<\/div>\n\t\t<\/div>\n\t\t\t\t<div class=\"elementor-column elementor-col-50 elementor-inner-column elementor-element elementor-element-5459fc6e\" data-id=\"5459fc6e\" data-element_type=\"column\">\n\t\t\t<div class=\"elementor-widget-wrap elementor-element-populated\">\n\t\t\t\t\t\t<div class=\"elementor-element elementor-element-52c8463 elementor-widget elementor-widget-text-editor\" data-id=\"52c8463\" data-element_type=\"widget\" data-widget_type=\"text-editor.default\">\n\t\t\t\t<div class=\"elementor-widget-container\">\n\t\t\t\t\t\t\t\t\t<p>Follow\u00a0 the Festival!<\/p>\t\t\t\t\t\t\t\t<\/div>\n\t\t\t\t<\/div>\n\t\t\t\t<div class=\"elementor-element elementor-element-14fa3e90 nonsott elementor-widget elementor-widget-wp-widget-custom_html\" data-id=\"14fa3e90\" data-element_type=\"widget\" data-widget_type=\"wp-widget-custom_html.default\">\n\t\t\t\t<div class=\"elementor-widget-container\">\n\t\t\t\t\t<div class=\"textwidget custom-html-widget\"><a style=\"text-decoration:none !important\" href=\"https:\/\/www.facebook.com\/stresafestivalofficial\/\" target=\"_blank\">\r\n            <img decoding=\"async\" src=\"\/icone\/facebook.png\" style=\"margin: 18px 10px\">\r\n<\/a> \r\n<a style=\"text-decoration:none !important\" href=\"https:\/\/www.instagram.com\/stresafestival\/\" target=\"_blank\">\r\n            <img decoding=\"async\" src=\"\/icone\/instagram.png\" style=\"margin: 18px 10px\">            \r\n<\/a>\r\n<a style=\"text-decoration:none !important\" href=\"https:\/\/www.youtube.com\/user\/StresaFestival\" target=\"_blank\">\r\n            <img decoding=\"async\" src=\"\/icone\/youtube.png\" style=\"margin: 18px 10px\">            \r\n<\/a>\r\n<a style=\"text-decoration:none !important\" href=\"https:\/\/twitter.com\/StresaFestival\" target=\"_blank\">\r\n            <img decoding=\"async\" src=\"\/icone\/X.png\" style=\"margin: 18px 10px\">            \r\n<\/a><\/div>\t\t\t\t<\/div>\n\t\t\t\t<\/div>\n\t\t\t\t\t<\/div>\n\t\t<\/div>\n\t\t\t\t\t<\/div>\n\t\t<\/section>\n\t\t\t\t<section class=\"elementor-section elementor-inner-section elementor-element elementor-element-25669d78 elementor-section-content-middle elementor-section-boxed elementor-section-height-default elementor-section-height-default qodef-elementor-content-no qodef-elementor-stretch-row-no qodef-elementor-overlay-no\" data-id=\"25669d78\" data-element_type=\"section\">\n\t\t\t\t\t\t<div class=\"elementor-container elementor-column-gap-default\">\n\t\t\t\t\t<div class=\"elementor-column elementor-col-50 elementor-inner-column elementor-element elementor-element-24f7cfa9\" data-id=\"24f7cfa9\" data-element_type=\"column\">\n\t\t\t<div class=\"elementor-widget-wrap elementor-element-populated\">\n\t\t\t\t\t\t<div class=\"elementor-element elementor-element-6bb139c7 elementor-widget elementor-widget-text-editor\" data-id=\"6bb139c7\" data-element_type=\"widget\" data-widget_type=\"text-editor.default\">\n\t\t\t\t<div class=\"elementor-widget-container\">\n\t\t\t\t\t\t\t\t\t<a style=\"text-decoration: none !important;\" href=\"\/en\/association\/\"><span style=\"color: #000000;\">Who we are<\/span><\/a>\t\t\t\t\t\t\t\t<\/div>\n\t\t\t\t<\/div>\n\t\t\t\t<div class=\"elementor-element elementor-element-547ae4ff elementor-widget elementor-widget-text-editor\" data-id=\"547ae4ff\" data-element_type=\"widget\" data-widget_type=\"text-editor.default\">\n\t\t\t\t<div class=\"elementor-widget-container\">\n\t\t\t\t\t\t\t\t\t<a style=\"color: #000000; text-decoration: none !important;\" href=\"\/en\/box-office\/#stresa\"><span style=\"color: #000000;\">How to reach us<\/span><\/a>\t\t\t\t\t\t\t\t<\/div>\n\t\t\t\t<\/div>\n\t\t\t\t\t<\/div>\n\t\t<\/div>\n\t\t\t\t<div class=\"elementor-column elementor-col-50 elementor-inner-column elementor-element elementor-element-2bc24007\" data-id=\"2bc24007\" data-element_type=\"column\">\n\t\t\t<div class=\"elementor-widget-wrap elementor-element-populated\">\n\t\t\t\t\t\t<div class=\"elementor-element elementor-element-77a079ee elementor-hidden-desktop elementor-hidden-tablet elementor-hidden-mobile elementor-widget elementor-widget-text-editor\" data-id=\"77a079ee\" data-element_type=\"widget\" data-widget_type=\"text-editor.default\">\n\t\t\t\t<div class=\"elementor-widget-container\">\n\t\t\t\t\t\t\t\t\t<p><a style=\"text-decoration: none !important;\" href=\"\/en\/program\/\"><span style=\"color: #000000;\">Program<\/span><\/a><\/p>\t\t\t\t\t\t\t\t<\/div>\n\t\t\t\t<\/div>\n\t\t\t\t<div class=\"elementor-element elementor-element-24c7e3a8 elementor-widget elementor-widget-text-editor\" data-id=\"24c7e3a8\" data-element_type=\"widget\" data-widget_type=\"text-editor.default\">\n\t\t\t\t<div class=\"elementor-widget-container\">\n\t\t\t\t\t\t\t\t\t<a style=\"text-decoration: none !important;\" href=\"\/en\/how-to-purchase\/\"><span style=\"color: #000000;\">How to purchase<\/span><\/a>\t\t\t\t\t\t\t\t<\/div>\n\t\t\t\t<\/div>\n\t\t\t\t\t<\/div>\n\t\t<\/div>\n\t\t\t\t\t<\/div>\n\t\t<\/section>\n\t\t\t\t\t<\/div>\n\t\t<\/div>\n\t\t\t\t\t<\/div>\n\t\t<\/section>\n\t\t\t\t<\/div>\n\t\t\t\t<\/div>\n\t\t\t\t\t\t<\/div>\n\t\t\t\t<\/div>\n\t\t\t\t\t<\/div>\n\t\t<\/div>\n\t\t\t\t\t<\/div>\n\t\t<\/section>\n\t\t\t\t<\/div>\n\t\t","protected":false},"excerpt":{"rendered":"<p>Gianni Boldini Nato nel 1945, \u00e8 laureato in Economia e Commercio presso l\u2019Universit\u00e0 Cattolica di Milano, iscritto all\u2019Ordine dei Dottori Commercialisti e degli Esperti Contabili di Verbania al n. A22, iscritto nel Registro dei Revisori Contabili al n. 6623.Svolge la sua attivit\u00e0 presso lo studio sito ad Omegna (VB) in via Lungolago Gramsci 7.Area di [&hellip;]<\/p>\n","protected":false},"author":1,"featured_media":0,"parent":33318,"menu_order":0,"comment_status":"closed","ping_status":"closed","template":"page-full-width.php","meta":{"footnotes":""},"class_list":["post-33313","page","type-page","status-publish","hentry"],"yoast_head":"<!-- This site is optimized with the Yoast SEO plugin v27.5 - https:\/\/yoast.com\/product\/yoast-seo-wordpress\/ -->\n<title>Gianni Boldini - Stresa Festival Classica &amp; Jazz Lago Maggiore<\/title>\n<meta name=\"robots\" content=\"index, follow, max-snippet:-1, max-image-preview:large, max-video-preview:-1\" \/>\n<link rel=\"canonical\" href=\"https:\/\/www.stresafestival.eu\/en\/staff\/gianni-boldini\/\" \/>\n<meta property=\"og:locale\" content=\"en_US\" \/>\n<meta property=\"og:type\" content=\"article\" \/>\n<meta property=\"og:title\" content=\"Gianni Boldini - Stresa Festival Classica &amp; Jazz Lago Maggiore\" \/>\n<meta property=\"og:description\" content=\"Gianni Boldini Nato nel 1945, \u00e8 laureato in Economia e Commercio presso l\u2019Universit\u00e0 Cattolica di Milano, iscritto all\u2019Ordine dei Dottori Commercialisti e degli Esperti Contabili di Verbania al n. A22, iscritto nel Registro dei Revisori Contabili al n. 6623.Svolge la sua attivit\u00e0 presso lo studio sito ad Omegna (VB) in via Lungolago Gramsci 7.Area di [&hellip;]\" \/>\n<meta property=\"og:url\" content=\"https:\/\/www.stresafestival.eu\/en\/staff\/gianni-boldini\/\" \/>\n<meta property=\"og:site_name\" content=\"Stresa Festival Classica &amp; Jazz Lago Maggiore\" \/>\n<meta property=\"article:modified_time\" content=\"2024-04-04T10:54:02+00:00\" \/>\n<meta name=\"twitter:card\" content=\"summary_large_image\" \/>\n<meta name=\"twitter:label1\" content=\"Est. reading time\" \/>\n\t<meta name=\"twitter:data1\" content=\"3 minutes\" \/>\n<script type=\"application\/ld+json\" class=\"yoast-schema-graph\">{\"@context\":\"https:\\\/\\\/schema.org\",\"@graph\":[{\"@type\":\"WebPage\",\"@id\":\"https:\\\/\\\/www.stresafestival.eu\\\/en\\\/staff\\\/gianni-boldini\\\/\",\"url\":\"https:\\\/\\\/www.stresafestival.eu\\\/en\\\/staff\\\/gianni-boldini\\\/\",\"name\":\"Gianni Boldini - Stresa Festival Classica &amp; Jazz Lago Maggiore\",\"isPartOf\":{\"@id\":\"https:\\\/\\\/www.stresafestival.eu\\\/en\\\/#website\"},\"datePublished\":\"2024-02-13T15:28:30+00:00\",\"dateModified\":\"2024-04-04T10:54:02+00:00\",\"breadcrumb\":{\"@id\":\"https:\\\/\\\/www.stresafestival.eu\\\/en\\\/staff\\\/gianni-boldini\\\/#breadcrumb\"},\"inLanguage\":\"en-US\",\"potentialAction\":[{\"@type\":\"ReadAction\",\"target\":[\"https:\\\/\\\/www.stresafestival.eu\\\/en\\\/staff\\\/gianni-boldini\\\/\"]}]},{\"@type\":\"BreadcrumbList\",\"@id\":\"https:\\\/\\\/www.stresafestival.eu\\\/en\\\/staff\\\/gianni-boldini\\\/#breadcrumb\",\"itemListElement\":[{\"@type\":\"ListItem\",\"position\":1,\"name\":\"Home\",\"item\":\"https:\\\/\\\/www.stresafestival.eu\\\/en\\\/\"},{\"@type\":\"ListItem\",\"position\":2,\"name\":\"Staff\",\"item\":\"https:\\\/\\\/www.stresafestival.eu\\\/en\\\/staff\\\/\"},{\"@type\":\"ListItem\",\"position\":3,\"name\":\"Gianni Boldini\"}]},{\"@type\":\"WebSite\",\"@id\":\"https:\\\/\\\/www.stresafestival.eu\\\/en\\\/#website\",\"url\":\"https:\\\/\\\/www.stresafestival.eu\\\/en\\\/\",\"name\":\"Stresa Festival Classica &amp; Jazz Lago Maggiore\",\"description\":\"Festival di Musica Classica &amp; Jazz a Stresa sul Lago Maggiore\",\"potentialAction\":[{\"@type\":\"SearchAction\",\"target\":{\"@type\":\"EntryPoint\",\"urlTemplate\":\"https:\\\/\\\/www.stresafestival.eu\\\/en\\\/?s={search_term_string}\"},\"query-input\":{\"@type\":\"PropertyValueSpecification\",\"valueRequired\":true,\"valueName\":\"search_term_string\"}}],\"inLanguage\":\"en-US\"}]}<\/script>\n<!-- \/ Yoast SEO plugin. -->","yoast_head_json":{"title":"Gianni Boldini - Stresa Festival Classica &amp; Jazz Lago Maggiore","robots":{"index":"index","follow":"follow","max-snippet":"max-snippet:-1","max-image-preview":"max-image-preview:large","max-video-preview":"max-video-preview:-1"},"canonical":"https:\/\/www.stresafestival.eu\/en\/staff\/gianni-boldini\/","og_locale":"en_US","og_type":"article","og_title":"Gianni Boldini - Stresa Festival Classica &amp; Jazz Lago Maggiore","og_description":"Gianni Boldini Nato nel 1945, \u00e8 laureato in Economia e Commercio presso l\u2019Universit\u00e0 Cattolica di Milano, iscritto all\u2019Ordine dei Dottori Commercialisti e degli Esperti Contabili di Verbania al n. A22, iscritto nel Registro dei Revisori Contabili al n. 6623.Svolge la sua attivit\u00e0 presso lo studio sito ad Omegna (VB) in via Lungolago Gramsci 7.Area di [&hellip;]","og_url":"https:\/\/www.stresafestival.eu\/en\/staff\/gianni-boldini\/","og_site_name":"Stresa Festival Classica &amp; Jazz Lago Maggiore","article_modified_time":"2024-04-04T10:54:02+00:00","twitter_card":"summary_large_image","twitter_misc":{"Est. reading time":"3 minutes"},"schema":{"@context":"https:\/\/schema.org","@graph":[{"@type":"WebPage","@id":"https:\/\/www.stresafestival.eu\/en\/staff\/gianni-boldini\/","url":"https:\/\/www.stresafestival.eu\/en\/staff\/gianni-boldini\/","name":"Gianni Boldini - Stresa Festival Classica &amp; Jazz Lago Maggiore","isPartOf":{"@id":"https:\/\/www.stresafestival.eu\/en\/#website"},"datePublished":"2024-02-13T15:28:30+00:00","dateModified":"2024-04-04T10:54:02+00:00","breadcrumb":{"@id":"https:\/\/www.stresafestival.eu\/en\/staff\/gianni-boldini\/#breadcrumb"},"inLanguage":"en-US","potentialAction":[{"@type":"ReadAction","target":["https:\/\/www.stresafestival.eu\/en\/staff\/gianni-boldini\/"]}]},{"@type":"BreadcrumbList","@id":"https:\/\/www.stresafestival.eu\/en\/staff\/gianni-boldini\/#breadcrumb","itemListElement":[{"@type":"ListItem","position":1,"name":"Home","item":"https:\/\/www.stresafestival.eu\/en\/"},{"@type":"ListItem","position":2,"name":"Staff","item":"https:\/\/www.stresafestival.eu\/en\/staff\/"},{"@type":"ListItem","position":3,"name":"Gianni Boldini"}]},{"@type":"WebSite","@id":"https:\/\/www.stresafestival.eu\/en\/#website","url":"https:\/\/www.stresafestival.eu\/en\/","name":"Stresa Festival Classica &amp; Jazz Lago Maggiore","description":"Festival di Musica Classica &amp; Jazz a Stresa sul Lago Maggiore","potentialAction":[{"@type":"SearchAction","target":{"@type":"EntryPoint","urlTemplate":"https:\/\/www.stresafestival.eu\/en\/?s={search_term_string}"},"query-input":{"@type":"PropertyValueSpecification","valueRequired":true,"valueName":"search_term_string"}}],"inLanguage":"en-US"}]}},"_links":{"self":[{"href":"https:\/\/www.stresafestival.eu\/en\/wp-json\/wp\/v2\/pages\/33313","targetHints":{"allow":["GET"]}}],"collection":[{"href":"https:\/\/www.stresafestival.eu\/en\/wp-json\/wp\/v2\/pages"}],"about":[{"href":"https:\/\/www.stresafestival.eu\/en\/wp-json\/wp\/v2\/types\/page"}],"author":[{"embeddable":true,"href":"https:\/\/www.stresafestival.eu\/en\/wp-json\/wp\/v2\/users\/1"}],"replies":[{"embeddable":true,"href":"https:\/\/www.stresafestival.eu\/en\/wp-json\/wp\/v2\/comments?post=33313"}],"version-history":[{"count":4,"href":"https:\/\/www.stresafestival.eu\/en\/wp-json\/wp\/v2\/pages\/33313\/revisions"}],"predecessor-version":[{"id":33396,"href":"https:\/\/www.stresafestival.eu\/en\/wp-json\/wp\/v2\/pages\/33313\/revisions\/33396"}],"up":[{"embeddable":true,"href":"https:\/\/www.stresafestival.eu\/en\/wp-json\/wp\/v2\/pages\/33318"}],"wp:attachment":[{"href":"https:\/\/www.stresafestival.eu\/en\/wp-json\/wp\/v2\/media?parent=33313"}],"curies":[{"name":"wp","href":"https:\/\/api.w.org\/{rel}","templated":true}]}}